{"id":8998,"date":"2025-12-19T16:03:28","date_gmt":"2025-12-19T20:03:28","guid":{"rendered":"https:\/\/www.woclleydon.com\/participacion-comunitaria\/"},"modified":"2026-01-14T13:10:15","modified_gmt":"2026-01-14T17:10:15","slug":"participacion-comunitaria","status":"publish","type":"page","link":"https:\/\/www.woclleydon.com\/es\/participacion-comunitaria\/","title":{"rendered":"Participaci\u00f3n comunitaria"},"content":{"rendered":"<h1>Eventos Pasados<\/h1><div class='blog'>            <article id=\"post-10437\" class=\"my-3\">\r\n                <div class=\"row\">\r\n                    <div class=\"col-md-4\">\r\n                                                    <img decoding=\"async\" class=\"blogimage mb-2\" style=\"width: 100%; height: 100%;  min-width: 295px; max-height: 295px; aspect-ratio: 1 \/ 1; object-fit: cover\" src=\"https:\/\/www.woclleydon.com\/wp-content\/uploads\/2026\/07\/2.jpeg\" alt=\"Colombian Festival 2026\" \/>\r\n                                            <\/div>\r\n                    <div class=\"col-md-8\">\r\n                        <div><strong>29 de julio de 2026<\/strong><\/div>\r\n                        <div class=\"mt-0 mb-2\"><a style=\"font-size: 27px;\" href=\"https:\/\/www.woclleydon.com\/es\/blog\/past-events-cpt\/festival-del-dia-de-la-independencia-de-colombia-2026\/\">Festival del D\u00eda de la Independencia de Colombia 2026<\/a><\/div>\r\n                        <div class=\"mt-2 mb-2\">Festival del D\u00eda de la Independencia de Colombia 2026 La celebraci\u00f3n anual reuni\u00f3 a la comunidad para una jornada memorable, llena de m\u00fasica en vivo, comida deliciosa, actuaciones vibrantes y una incre\u00edble muestra de la cultura y el orgullo colombianos. Gracias a todos los que visitaron el stand de Wocl Leydon, conocieron a nuestro equipo [&hellip;]<\/div>\r\n                        <a class=\"btn text-center\" href=\"https:\/\/www.woclleydon.com\/es\/blog\/past-events-cpt\/festival-del-dia-de-la-independencia-de-colombia-2026\/\">\r\n                        \tDescubre m\u00e1s                    \t<\/a>\r\n                    <\/div>\r\n                <\/div>\r\n            <\/article>\r\n                    <article id=\"post-10436\" class=\"my-3\">\r\n                <div class=\"row\">\r\n                    <div class=\"col-md-4\">\r\n                                                    <img decoding=\"async\" class=\"blogimage mb-2\" style=\"width: 100%; height: 100%;  min-width: 295px; max-height: 295px; aspect-ratio: 1 \/ 1; object-fit: cover\" src=\"https:\/\/www.woclleydon.com\/wp-content\/uploads\/2026\/07\/47482ff0-9f7a-4a54-a603-c97fa2b10c46-e1785250969990.jpeg\" alt=\"Natalia Kaczor\" \/>\r\n                                            <\/div>\r\n                    <div class=\"col-md-8\">\r\n                        <div><strong>28 de julio de 2026<\/strong><\/div>\r\n                        <div class=\"mt-0 mb-2\"><a style=\"font-size: 27px;\" href=\"https:\/\/www.woclleydon.com\/es\/blog\/past-events-cpt\/wocl-leydon-patrocina-a-la-atleta-local-crossfit\/\">Wocl Leydon patrocina a la atleta local CrossFit<\/a><\/div>\r\n                        <div class=\"mt-2 mb-2\">En Wocl Leydon, creemos en apoyar a quienes demuestran dedicaci\u00f3n, perseverancia y un compromiso con la excelencia, tanto dentro como fuera de los tribunales. En Wocl Leydon, creemos en apoyar a quienes demuestran dedicaci\u00f3n, perseverancia y un compromiso con la excelencia, tanto dentro como fuera de los tribunales. Su determinaci\u00f3n, resiliencia y empuje representan los [&hellip;]<\/div>\r\n                        <a class=\"btn text-center\" href=\"https:\/\/www.woclleydon.com\/es\/blog\/past-events-cpt\/wocl-leydon-patrocina-a-la-atleta-local-crossfit\/\">\r\n                        \tDescubre m\u00e1s                    \t<\/a>\r\n                    <\/div>\r\n                <\/div>\r\n            <\/article>\r\n                    <article id=\"post-10435\" class=\"my-3\">\r\n                <div class=\"row\">\r\n                    <div class=\"col-md-4\">\r\n                                                    <img decoding=\"async\" class=\"blogimage mb-2\" style=\"width: 100%; height: 100%;  min-width: 295px; max-height: 295px; aspect-ratio: 1 \/ 1; object-fit: cover\" src=\"https:\/\/www.woclleydon.com\/wp-content\/uploads\/2026\/06\/MURPH-1-e1781191331730.jpeg\" alt=\"Murph Challenge 2026\" \/>\r\n                                            <\/div>\r\n                    <div class=\"col-md-8\">\r\n                        <div><strong>11 de junio de 2026<\/strong><\/div>\r\n                        <div class=\"mt-0 mb-2\"><a style=\"font-size: 27px;\" href=\"https:\/\/www.woclleydon.com\/es\/blog\/past-events-cpt\/reto-murph-2026\/\">Reto Murph 2026<\/a><\/div>\r\n                        <div class=\"mt-2 mb-2\">Este a\u00f1o, Wocl Leydon se enorgulleci\u00f3 de patrocinar el Murph Challenge anual en CrossFit Norwalk, donde nuestro propio abogado, Andy Savvaides, se uni\u00f3 a la comunidad para participar en el evento. Murph es m\u00e1s que un entrenamiento. Es un poderoso homenaje al teniente Michael P. Murphy y a todos los que han servido a nuestro [&hellip;]<\/div>\r\n                        <a class=\"btn text-center\" href=\"https:\/\/www.woclleydon.com\/es\/blog\/past-events-cpt\/reto-murph-2026\/\">\r\n                        \tDescubre m\u00e1s                    \t<\/a>\r\n                    <\/div>\r\n                <\/div>\r\n            <\/article>\r\n                    <article id=\"post-10434\" class=\"my-3\">\r\n                <div class=\"row\">\r\n                    <div class=\"col-md-4\">\r\n                                                    <img decoding=\"async\" class=\"blogimage mb-2\" style=\"width: 100%; height: 100%;  min-width: 295px; max-height: 295px; aspect-ratio: 1 \/ 1; object-fit: cover\" src=\"https:\/\/www.woclleydon.com\/wp-content\/uploads\/2026\/06\/WL-2.jpeg\" alt=\"WL 2 \" \/>\r\n                                            <\/div>\r\n                    <div class=\"col-md-8\">\r\n                        <div><strong>10 de junio de 2026<\/strong><\/div>\r\n                        <div class=\"mt-0 mb-2\"><a style=\"font-size: 27px;\" href=\"https:\/\/www.woclleydon.com\/es\/blog\/past-events-cpt\/dia-de-la-familia-de-stamford-moms-2026\/\">D\u00eda de la Familia de Stamford Moms 2026<\/a><\/div>\r\n                        <div class=\"mt-2 mb-2\">\u00a1Menudo d\u00eda tan fant\u00e1stico el del D\u00eda de la Familia de Stamford Moms! A nuestro equipo de Wocl Leydon le encant\u00f3 conocer a las familias de la zona, relacionarnos con los miembros de nuestra comunidad y disfrutar de todas las actividades divertidas que hicieron que ese d\u00eda fuera tan especial. Como bufete, creemos que participar [&hellip;]<\/div>\r\n                        <a class=\"btn text-center\" href=\"https:\/\/www.woclleydon.com\/es\/blog\/past-events-cpt\/dia-de-la-familia-de-stamford-moms-2026\/\">\r\n                        \tDescubre m\u00e1s                    \t<\/a>\r\n                    <\/div>\r\n                <\/div>\r\n            <\/article>\r\n                    <article id=\"post-10433\" class=\"my-3\">\r\n                <div class=\"row\">\r\n                    <div class=\"col-md-4\">\r\n                                                    <img decoding=\"async\" class=\"blogimage mb-2\" style=\"width: 100%; height: 100%;  min-width: 295px; max-height: 295px; aspect-ratio: 1 \/ 1; object-fit: cover\" src=\"https:\/\/www.woclleydon.com\/wp-content\/uploads\/2026\/06\/soccer-giveaway-winner.png\" alt=\"Soccer Giveaway Winner\" \/>\r\n                                            <\/div>\r\n                    <div class=\"col-md-8\">\r\n                        <div><strong>2 de junio de 2026<\/strong><\/div>\r\n                        <div class=\"mt-0 mb-2\"><a style=\"font-size: 27px;\" href=\"https:\/\/www.woclleydon.com\/es\/blog\/past-events-cpt\/sorteo-de-entradas-para-el-nycfc-contra-los-ny-red-bulls\/\">Sorteo de entradas para el NYCFC contra los NY Red Bulls<\/a><\/div>\r\n                        <div class=\"mt-2 mb-2\">Nos lo pasamos genial celebrando una de las mayores rivalidades futbol\u00edsticas de Nueva York con nuestro sorteo de entradas para el partido entre el NYCFC y los NY Red Bulls. Se invit\u00f3 a los aficionados a votar por el equipo que cre\u00edan que se llevar\u00eda la victoria para tener la oportunidad de ganar dos entradas [&hellip;]<\/div>\r\n                        <a class=\"btn text-center\" href=\"https:\/\/www.woclleydon.com\/es\/blog\/past-events-cpt\/sorteo-de-entradas-para-el-nycfc-contra-los-ny-red-bulls\/\">\r\n                        \tDescubre m\u00e1s                    \t<\/a>\r\n                    <\/div>\r\n                <\/div>\r\n            <\/article>\r\n                    <article id=\"post-10432\" class=\"my-3\">\r\n                <div class=\"row\">\r\n                    <div class=\"col-md-4\">\r\n                                                    <img decoding=\"async\" class=\"blogimage mb-2\" style=\"width: 100%; height: 100%;  min-width: 295px; max-height: 295px; aspect-ratio: 1 \/ 1; object-fit: cover\" src=\"https:\/\/www.woclleydon.com\/wp-content\/uploads\/2026\/04\/film-fest-2.png\" alt=\"Peruvian Film Festival\" \/>\r\n                                            <\/div>\r\n                    <div class=\"col-md-8\">\r\n                        <div><strong>28 de abril de 2026<\/strong><\/div>\r\n                        <div class=\"mt-0 mb-2\"><a style=\"font-size: 27px;\" href=\"https:\/\/www.woclleydon.com\/es\/blog\/past-events-cpt\/muestra-de-cine-peruano-iv\/\">Muestra de cine peruano IV<\/a><\/div>\r\n                        <div class=\"mt-2 mb-2\">Wocl Leydon LLC se enorgullece de haber sido patrocinador de plata de la celebraci\u00f3n especial que organiz\u00f3 la revista LatinColors en Stamford para rendir homenaje a la cultura, las historias y la comunidad peruanas. El evento reuni\u00f3 a los invitados para la presentaci\u00f3n del n\u00famero 33 de la revista LatinColors en Mill River Park, donde [&hellip;]<\/div>\r\n                        <a class=\"btn text-center\" href=\"https:\/\/www.woclleydon.com\/es\/blog\/past-events-cpt\/muestra-de-cine-peruano-iv\/\">\r\n                        \tDescubre m\u00e1s                    \t<\/a>\r\n                    <\/div>\r\n                <\/div>\r\n            <\/article>\r\n                    <article id=\"post-9020\" class=\"my-3\">\r\n                <div class=\"row\">\r\n                    <div class=\"col-md-4\">\r\n                                                    <img decoding=\"async\" class=\"blogimage mb-2\" style=\"width: 100%; height: 100%;  min-width: 295px; max-height: 295px; aspect-ratio: 1 \/ 1; object-fit: cover\" src=\"https:\/\/www.woclleydon.com\/wp-content\/uploads\/2025\/12\/CIRI-5.jpg\" alt=\"Wocl Team Celebrating Christmas\" \/>\r\n                                            <\/div>\r\n                    <div class=\"col-md-8\">\r\n                        <div><strong>25 de diciembre de 2025<\/strong><\/div>\r\n                        <div class=\"mt-0 mb-2\"><a style=\"font-size: 27px;\" href=\"https:\/\/www.woclleydon.com\/es\/blog\/past-events-cpt\/donacion-de-juguetes-a-las-familias-de-ciri\/\">Donaci\u00f3n de juguetes a las familias de CIRI<\/a><\/div>\r\n                        <div class=\"mt-2 mb-2\">Junto con el Instituto de Connecticut para Refugiados e Inmigrantes (CIRI), nuestro equipo de Wocl Leydon tuvo el honor de organizar una donaci\u00f3n de juguetes para las familias ucranianas de su comunidad. Los ni\u00f1os compartieron sus listas de deseos, y nuestro Duende WL entreg\u00f3 algo m\u00e1s que juguetes: hubo risas, abrazos y momentos de pura [&hellip;]<\/div>\r\n                        <a class=\"btn text-center\" href=\"https:\/\/www.woclleydon.com\/es\/blog\/past-events-cpt\/donacion-de-juguetes-a-las-familias-de-ciri\/\">\r\n                        \tDescubre m\u00e1s                    \t<\/a>\r\n                    <\/div>\r\n                <\/div>\r\n            <\/article>\r\n                    <article id=\"post-9019\" class=\"my-3\">\r\n                <div class=\"row\">\r\n                    <div class=\"col-md-4\">\r\n                                                    <img decoding=\"async\" class=\"blogimage mb-2\" style=\"width: 100%; height: 100%;  min-width: 295px; max-height: 295px; aspect-ratio: 1 \/ 1; object-fit: cover\" src=\"https:\/\/www.woclleydon.com\/wp-content\/uploads\/2026\/01\/BF-Americas-Christmas-2.jpg\" alt=\"BF Americas Christmas\" \/>\r\n                                            <\/div>\r\n                    <div class=\"col-md-8\">\r\n                        <div><strong>6 de diciembre de 2025<\/strong><\/div>\r\n                        <div class=\"mt-0 mb-2\"><a style=\"font-size: 27px;\" href=\"https:\/\/www.woclleydon.com\/es\/blog\/past-events-cpt\/bf-americas-navidad\/\">BF Americas Navidad<\/a><\/div>\r\n                        <div class=\"mt-2 mb-2\">El 6 de diciembre, Wocl Leydon tuvo la alegr\u00eda de participar en el evento navide\u00f1o en el Stamford Town Center, organizado por BF Am\u00e9ricas. Nos sentimos orgullosos de ser uno de los principales patrocinadores de esta hermosa celebraci\u00f3n comunitaria, un acto en el que familias, amigos y vecinos se reunieron para celebrar, sonre\u00edr y crear [&hellip;]<\/div>\r\n                        <a class=\"btn text-center\" href=\"https:\/\/www.woclleydon.com\/es\/blog\/past-events-cpt\/bf-americas-navidad\/\">\r\n                        \tDescubre m\u00e1s                    \t<\/a>\r\n                    <\/div>\r\n                <\/div>\r\n            <\/article>\r\n                    <article id=\"post-9018\" class=\"my-3\">\r\n                <div class=\"row\">\r\n                    <div class=\"col-md-4\">\r\n                                                    <img decoding=\"async\" class=\"blogimage mb-2\" style=\"width: 100%; height: 100%;  min-width: 295px; max-height: 295px; aspect-ratio: 1 \/ 1; object-fit: cover\" src=\"https:\/\/www.woclleydon.com\/wp-content\/uploads\/2026\/01\/Eterna.jpg\" alt=\"Eterna Gala\" \/>\r\n                                            <\/div>\r\n                    <div class=\"col-md-8\">\r\n                        <div><strong>13 de noviembre de 2025<\/strong><\/div>\r\n                        <div class=\"mt-0 mb-2\"><a style=\"font-size: 27px;\" href=\"https:\/\/www.woclleydon.com\/es\/blog\/past-events-cpt\/gala-del-10o-aniversario-de-la-camara-de-comercio-hispana\/\">Gala del 10\u00ba Aniversario de la C\u00e1mara de Comercio Hispana<\/a><\/div>\r\n                        <div class=\"mt-2 mb-2\">Eterna &#8211; Together We Rise fue una hermosa gala de disfraces para celebrar diez a\u00f1os de comunidad, cultura y conexi\u00f3n. \u00a1Estamos encantados de ser Patrocinadores Platino este a\u00f1o! La noche estuvo llena de buena energ\u00eda, momentos significativos y una gran revelaci\u00f3n muy esperada: la C\u00e1mara de Comercio Hispana del Gran Norwalk es ahora oficialmente la [&hellip;]<\/div>\r\n                        <a class=\"btn text-center\" href=\"https:\/\/www.woclleydon.com\/es\/blog\/past-events-cpt\/gala-del-10o-aniversario-de-la-camara-de-comercio-hispana\/\">\r\n                        \tDescubre m\u00e1s                    \t<\/a>\r\n                    <\/div>\r\n                <\/div>\r\n            <\/article>\r\n                    <article id=\"post-10438\" class=\"my-3\">\r\n                <div class=\"row\">\r\n                    <div class=\"col-md-4\">\r\n                                                    <img decoding=\"async\" class=\"blogimage mb-2\" style=\"width: 100%; height: 100%;  min-width: 295px; max-height: 295px; aspect-ratio: 1 \/ 1; object-fit: cover\" src=\"https:\/\/www.woclleydon.com\/wp-content\/uploads\/2025\/11\/wocl-honoring-our-veterans-2025-900x961-winner.jpg\" alt=\"Patrick Zummo\" \/>\r\n                                            <\/div>\r\n                    <div class=\"col-md-8\">\r\n                        <div><strong>11 de noviembre de 2025<\/strong><\/div>\r\n                        <div class=\"mt-0 mb-2\"><a style=\"font-size: 27px;\" href=\"https:\/\/www.woclleydon.com\/es\/blog\/past-events-cpt\/sorteo-del-dia-de-los-veteranos-2025\/\">Sorteo del D\u00eda de los Veteranos 2025<\/a><\/div>\r\n                        <div class=\"mt-2 mb-2\">En este D\u00eda de los Veteranos, tuvimos el honor de homenajear a los valientes hombres y mujeres que han servido a nuestro pa\u00eds mediante nuestro sorteo de entradas para los Giants. Se invit\u00f3 a los miembros de la comunidad a nominar a un veterano de su entorno para tener la oportunidad de ganar dos entradas [&hellip;]<\/div>\r\n                        <a class=\"btn text-center\" href=\"https:\/\/www.woclleydon.com\/es\/blog\/past-events-cpt\/sorteo-del-dia-de-los-veteranos-2025\/\">\r\n                        \tDescubre m\u00e1s                    \t<\/a>\r\n                    <\/div>\r\n                <\/div>\r\n            <\/article>\r\n        <\/div>\n","protected":false},"excerpt":{"rendered":"","protected":false},"author":15,"featured_media":0,"parent":0,"menu_order":0,"comment_status":"closed","ping_status":"closed","template":"","meta":{"_acf_changed":false,"footnotes":""},"class_list":["post-8998","page","type-page","status-publish","hentry"],"acf":[],"yoast_head":"<!-- This site is optimized with the Yoast SEO plugin v28.4 - https:\/\/yoast.com\/product\/yoast-seo-wordpress\/ -->\n<title>Participaci\u00f3n comunitaria - Abogados de lesiones personales de Wocl Leydon<\/title>\n<meta name=\"robots\" content=\"index, follow, max-snippet:-1, max-image-preview:large, max-video-preview:-1\" \/>\n<link rel=\"canonical\" href=\"https:\/\/www.woclleydon.com\/es\/participacion-comunitaria\/\" \/>\n<meta property=\"og:locale\" content=\"es_ES\" \/>\n<meta property=\"og:type\" content=\"article\" \/>\n<meta property=\"og:title\" content=\"Participaci\u00f3n comunitaria - Abogados de lesiones personales de Wocl Leydon\" \/>\n<meta property=\"og:url\" content=\"https:\/\/www.woclleydon.com\/es\/participacion-comunitaria\/\" \/>\n<meta property=\"og:site_name\" content=\"Abogados de lesiones personales de Wocl Leydon\" \/>\n<meta property=\"article:modified_time\" content=\"2026-01-14T17:10:15+00:00\" \/>\n<meta property=\"og:image\" content=\"https:\/\/www.woclleydon.com\/wp-content\/uploads\/2024\/05\/wl_logo_personalInjuryTrialLawyers-1.png\" \/>\n\t<meta property=\"og:image:width\" content=\"2287\" \/>\n\t<meta property=\"og:image:height\" content=\"975\" \/>\n\t<meta property=\"og:image:type\" content=\"image\/png\" \/>\n<meta name=\"twitter:card\" content=\"summary_large_image\" \/>\n<!-- \/ Yoast SEO plugin. -->","yoast_head_json":{"title":"Participaci\u00f3n comunitaria - Abogados de lesiones personales de Wocl Leydon","robots":{"index":"index","follow":"follow","max-snippet":"max-snippet:-1","max-image-preview":"max-image-preview:large","max-video-preview":"max-video-preview:-1"},"canonical":"https:\/\/www.woclleydon.com\/es\/participacion-comunitaria\/","og_locale":"es_ES","og_type":"article","og_title":"Participaci\u00f3n comunitaria - Abogados de lesiones personales de Wocl Leydon","og_url":"https:\/\/www.woclleydon.com\/es\/participacion-comunitaria\/","og_site_name":"Abogados de lesiones personales de Wocl Leydon","article_modified_time":"2026-01-14T17:10:15+00:00","og_image":[{"width":2287,"height":975,"url":"https:\/\/www.woclleydon.com\/wp-content\/uploads\/2024\/05\/wl_logo_personalInjuryTrialLawyers-1.png","type":"image\/png"}],"twitter_card":"summary_large_image","schema":{"@context":"https:\/\/schema.org","@graph":[{"@type":"WebPage","@id":"https:\/\/www.woclleydon.com\/es\/participacion-comunitaria\/","url":"https:\/\/www.woclleydon.com\/es\/participacion-comunitaria\/","name":"Participaci\u00f3n comunitaria - Abogados de lesiones personales de Wocl Leydon","isPartOf":{"@id":"https:\/\/www.woclleydon.com\/es\/#website"},"datePublished":"2025-12-19T20:03:28+00:00","dateModified":"2026-01-14T17:10:15+00:00","breadcrumb":{"@id":"https:\/\/www.woclleydon.com\/es\/participacion-comunitaria\/#breadcrumb"},"inLanguage":"es","potentialAction":[{"@type":"ReadAction","target":["https:\/\/www.woclleydon.com\/es\/participacion-comunitaria\/"]}]},{"@type":"BreadcrumbList","@id":"https:\/\/www.woclleydon.com\/es\/participacion-comunitaria\/#breadcrumb","itemListElement":[{"@type":"ListItem","position":1,"name":"Home","item":"https:\/\/www.woclleydon.com\/es\/"},{"@type":"ListItem","position":2,"name":"Participaci\u00f3n comunitaria"}]},{"@type":"WebSite","@id":"https:\/\/www.woclleydon.com\/es\/#website","url":"https:\/\/www.woclleydon.com\/es\/","name":"Abogados de lesiones personales de Wocl Leydon","description":"Your Case is Personal to Us!","potentialAction":[{"@type":"SearchAction","target":{"@type":"EntryPoint","urlTemplate":"https:\/\/www.woclleydon.com\/es\/?s={search_term_string}"},"query-input":{"@type":"PropertyValueSpecification","valueRequired":true,"valueName":"search_term_string"}}],"inLanguage":"es"}]}},"publishpress_future_action":{"enabled":false,"date":"2026-09-13 09:56:08","action":"change-status","newStatus":"draft","terms":[],"taxonomy":"translation_priority","extraData":[]},"publishpress_future_workflow_manual_trigger":{"enabledWorkflows":[]},"_links":{"self":[{"href":"https:\/\/www.woclleydon.com\/es\/wp-json\/wp\/v2\/pages\/8998","targetHints":{"allow":["GET"]}}],"collection":[{"href":"https:\/\/www.woclleydon.com\/es\/wp-json\/wp\/v2\/pages"}],"about":[{"href":"https:\/\/www.woclleydon.com\/es\/wp-json\/wp\/v2\/types\/page"}],"author":[{"embeddable":true,"href":"https:\/\/www.woclleydon.com\/es\/wp-json\/wp\/v2\/users\/15"}],"replies":[{"embeddable":true,"href":"https:\/\/www.woclleydon.com\/es\/wp-json\/wp\/v2\/comments?post=8998"}],"version-history":[{"count":1,"href":"https:\/\/www.woclleydon.com\/es\/wp-json\/wp\/v2\/pages\/8998\/revisions"}],"predecessor-version":[{"id":9001,"href":"https:\/\/www.woclleydon.com\/es\/wp-json\/wp\/v2\/pages\/8998\/revisions\/9001"}],"wp:attachment":[{"href":"https:\/\/www.woclleydon.com\/es\/wp-json\/wp\/v2\/media?parent=8998"}],"curies":[{"name":"wp","href":"https:\/\/api.w.org\/{rel}","templated":true}]}}